{"id":2597,"date":"2025-04-23T16:28:29","date_gmt":"2025-04-23T16:28:29","guid":{"rendered":"https:\/\/miatoyac-jal.gob.mx\/?page_id=2597"},"modified":"2025-04-23T16:55:08","modified_gmt":"2025-04-23T16:55:08","slug":"declaraciones-patrimoniales","status":"publish","type":"page","link":"https:\/\/miatoyac-jal.gob.mx\/?page_id=2597","title":{"rendered":"Declaraciones Patrimoniales"},"content":{"rendered":"\n<p><\/p>\n\n\n\n<h2 class=\"wp-block-heading\"><strong>Declaraci\u00f3n<\/strong> Inicial Patrimonial Regidores Adm. 2024-2027<\/h2>\n\n\n\n<div class=\"wp-block-group is-layout-grid wp-container-core-group-is-layout-9649a0d9 wp-block-group-is-layout-grid\">\n<p class=\"wp-container-content-e29552f7\">Regidor Felipe de Jes\u00fas Ruiz Gonz\u00e1lez<\/p>\n\n\n<div class=\"wp-block-image\">\n<figure class=\"aligncenter size-large is-resized\"><a href=\"https:\/\/miatoyac-jal.gob.mx\/declaraciones\/Declaracion%20Felipe%20de%20Jesus.PDF\" target=\"_blank\" rel=\" noreferrer noopener\"><img loading=\"lazy\" decoding=\"async\" width=\"833\" height=\"1024\" src=\"https:\/\/miatoyac-jal.gob.mx\/wp-content\/uploads\/2025\/04\/PDF_file_icon.svg-833x1024.png\" alt=\"\" class=\"wp-image-2599\" style=\"width:37px;height:auto\" srcset=\"https:\/\/miatoyac-jal.gob.mx\/wp-content\/uploads\/2025\/04\/PDF_file_icon.svg-833x1024.png 833w, https:\/\/miatoyac-jal.gob.mx\/wp-content\/uploads\/2025\/04\/PDF_file_icon.svg-244x300.png 244w, https:\/\/miatoyac-jal.gob.mx\/wp-content\/uploads\/2025\/04\/PDF_file_icon.svg-768x944.png 768w, https:\/\/miatoyac-jal.gob.mx\/wp-content\/uploads\/2025\/04\/PDF_file_icon.svg-1249x1536.png 1249w, https:\/\/miatoyac-jal.gob.mx\/wp-content\/uploads\/2025\/04\/PDF_file_icon.svg-1665x2048.png 1665w, https:\/\/miatoyac-jal.gob.mx\/wp-content\/uploads\/2025\/04\/PDF_file_icon.svg-119x146.png 119w, https:\/\/miatoyac-jal.gob.mx\/wp-content\/uploads\/2025\/04\/PDF_file_icon.svg-41x50.png 41w, https:\/\/miatoyac-jal.gob.mx\/wp-content\/uploads\/2025\/04\/PDF_file_icon.svg-61x75.png 61w, https:\/\/miatoyac-jal.gob.mx\/wp-content\/uploads\/2025\/04\/PDF_file_icon.svg.png 1667w\" sizes=\"auto, (max-width: 833px) 100vw, 833px\" \/><\/a><\/figure>\n<\/div><\/div>\n\n\n\n<div class=\"wp-block-group is-layout-grid wp-container-core-group-is-layout-9649a0d9 wp-block-group-is-layout-grid\">\n<p class=\"wp-container-content-e29552f7\">Regidor Gloria Torres<\/p>\n\n\n<div class=\"wp-block-image\">\n<figure class=\"aligncenter size-large is-resized\"><a href=\"https:\/\/miatoyac-jal.gob.mx\/declaraciones\/Declaracion Gloria Torres.PDF\" target=\"_blank\" rel=\" noreferrer noopener\"><img loading=\"lazy\" decoding=\"async\" width=\"833\" height=\"1024\" src=\"https:\/\/miatoyac-jal.gob.mx\/wp-content\/uploads\/2025\/04\/PDF_file_icon.svg-833x1024.png\" alt=\"\" class=\"wp-image-2599\" style=\"width:37px;height:auto\" srcset=\"https:\/\/miatoyac-jal.gob.mx\/wp-content\/uploads\/2025\/04\/PDF_file_icon.svg-833x1024.png 833w, https:\/\/miatoyac-jal.gob.mx\/wp-content\/uploads\/2025\/04\/PDF_file_icon.svg-244x300.png 244w, https:\/\/miatoyac-jal.gob.mx\/wp-content\/uploads\/2025\/04\/PDF_file_icon.svg-768x944.png 768w, https:\/\/miatoyac-jal.gob.mx\/wp-content\/uploads\/2025\/04\/PDF_file_icon.svg-1249x1536.png 1249w, https:\/\/miatoyac-jal.gob.mx\/wp-content\/uploads\/2025\/04\/PDF_file_icon.svg-1665x2048.png 1665w, https:\/\/miatoyac-jal.gob.mx\/wp-content\/uploads\/2025\/04\/PDF_file_icon.svg-119x146.png 119w, https:\/\/miatoyac-jal.gob.mx\/wp-content\/uploads\/2025\/04\/PDF_file_icon.svg-41x50.png 41w, https:\/\/miatoyac-jal.gob.mx\/wp-content\/uploads\/2025\/04\/PDF_file_icon.svg-61x75.png 61w, https:\/\/miatoyac-jal.gob.mx\/wp-content\/uploads\/2025\/04\/PDF_file_icon.svg.png 1667w\" sizes=\"auto, (max-width: 833px) 100vw, 833px\" \/><\/a><\/figure>\n<\/div><\/div>\n\n\n\n<div class=\"wp-block-group is-layout-grid wp-container-core-group-is-layout-9649a0d9 wp-block-group-is-layout-grid\">\n<p class=\"wp-container-content-e29552f7\">Regidor Guadalberto Cano<\/p>\n\n\n<div class=\"wp-block-image\">\n<figure class=\"aligncenter size-large is-resized\"><a href=\"https:\/\/miatoyac-jal.gob.mx\/declaraciones\/Declaracion Guadalberto Cano.PDF\" target=\"_blank\" rel=\" noreferrer noopener\"><img loading=\"lazy\" decoding=\"async\" width=\"833\" height=\"1024\" src=\"https:\/\/miatoyac-jal.gob.mx\/wp-content\/uploads\/2025\/04\/PDF_file_icon.svg-833x1024.png\" alt=\"\" class=\"wp-image-2599\" style=\"width:37px;height:auto\" srcset=\"https:\/\/miatoyac-jal.gob.mx\/wp-content\/uploads\/2025\/04\/PDF_file_icon.svg-833x1024.png 833w, https:\/\/miatoyac-jal.gob.mx\/wp-content\/uploads\/2025\/04\/PDF_file_icon.svg-244x300.png 244w, https:\/\/miatoyac-jal.gob.mx\/wp-content\/uploads\/2025\/04\/PDF_file_icon.svg-768x944.png 768w, https:\/\/miatoyac-jal.gob.mx\/wp-content\/uploads\/2025\/04\/PDF_file_icon.svg-1249x1536.png 1249w, https:\/\/miatoyac-jal.gob.mx\/wp-content\/uploads\/2025\/04\/PDF_file_icon.svg-1665x2048.png 1665w, https:\/\/miatoyac-jal.gob.mx\/wp-content\/uploads\/2025\/04\/PDF_file_icon.svg-119x146.png 119w, https:\/\/miatoyac-jal.gob.mx\/wp-content\/uploads\/2025\/04\/PDF_file_icon.svg-41x50.png 41w, https:\/\/miatoyac-jal.gob.mx\/wp-content\/uploads\/2025\/04\/PDF_file_icon.svg-61x75.png 61w, https:\/\/miatoyac-jal.gob.mx\/wp-content\/uploads\/2025\/04\/PDF_file_icon.svg.png 1667w\" sizes=\"auto, (max-width: 833px) 100vw, 833px\" \/><\/a><\/figure>\n<\/div><\/div>\n\n\n\n<div class=\"wp-block-group is-layout-grid wp-container-core-group-is-layout-9649a0d9 wp-block-group-is-layout-grid\">\n<p class=\"wp-container-content-e29552f7\">Regidor Humberto Coronel<\/p>\n\n\n<div class=\"wp-block-image\">\n<figure class=\"aligncenter size-large is-resized\"><a href=\"https:\/\/miatoyac-jal.gob.mx\/declaraciones\/Declaracion Humberto Coronel.PDF\" target=\"_blank\" rel=\" noreferrer noopener\"><img loading=\"lazy\" decoding=\"async\" width=\"833\" height=\"1024\" src=\"https:\/\/miatoyac-jal.gob.mx\/wp-content\/uploads\/2025\/04\/PDF_file_icon.svg-833x1024.png\" alt=\"\" class=\"wp-image-2599\" style=\"width:37px;height:auto\" srcset=\"https:\/\/miatoyac-jal.gob.mx\/wp-content\/uploads\/2025\/04\/PDF_file_icon.svg-833x1024.png 833w, https:\/\/miatoyac-jal.gob.mx\/wp-content\/uploads\/2025\/04\/PDF_file_icon.svg-244x300.png 244w, https:\/\/miatoyac-jal.gob.mx\/wp-content\/uploads\/2025\/04\/PDF_file_icon.svg-768x944.png 768w, https:\/\/miatoyac-jal.gob.mx\/wp-content\/uploads\/2025\/04\/PDF_file_icon.svg-1249x1536.png 1249w, https:\/\/miatoyac-jal.gob.mx\/wp-content\/uploads\/2025\/04\/PDF_file_icon.svg-1665x2048.png 1665w, https:\/\/miatoyac-jal.gob.mx\/wp-content\/uploads\/2025\/04\/PDF_file_icon.svg-119x146.png 119w, https:\/\/miatoyac-jal.gob.mx\/wp-content\/uploads\/2025\/04\/PDF_file_icon.svg-41x50.png 41w, https:\/\/miatoyac-jal.gob.mx\/wp-content\/uploads\/2025\/04\/PDF_file_icon.svg-61x75.png 61w, https:\/\/miatoyac-jal.gob.mx\/wp-content\/uploads\/2025\/04\/PDF_file_icon.svg.png 1667w\" sizes=\"auto, (max-width: 833px) 100vw, 833px\" \/><\/a><\/figure>\n<\/div><\/div>\n\n\n\n<div class=\"wp-block-group is-layout-grid wp-container-core-group-is-layout-9649a0d9 wp-block-group-is-layout-grid\">\n<p class=\"wp-container-content-e29552f7\">Regidor Landy de Jesus Arechiga<\/p>\n\n\n<div class=\"wp-block-image\">\n<figure class=\"aligncenter size-large is-resized\"><a href=\"https:\/\/miatoyac-jal.gob.mx\/declaraciones\/Declaracion Landy de Jesus Arechiga.PDF\" target=\"_blank\" rel=\" noreferrer noopener\"><img loading=\"lazy\" decoding=\"async\" width=\"833\" height=\"1024\" src=\"https:\/\/miatoyac-jal.gob.mx\/wp-content\/uploads\/2025\/04\/PDF_file_icon.svg-833x1024.png\" alt=\"\" class=\"wp-image-2599\" style=\"width:37px;height:auto\" srcset=\"https:\/\/miatoyac-jal.gob.mx\/wp-content\/uploads\/2025\/04\/PDF_file_icon.svg-833x1024.png 833w, https:\/\/miatoyac-jal.gob.mx\/wp-content\/uploads\/2025\/04\/PDF_file_icon.svg-244x300.png 244w, https:\/\/miatoyac-jal.gob.mx\/wp-content\/uploads\/2025\/04\/PDF_file_icon.svg-768x944.png 768w, https:\/\/miatoyac-jal.gob.mx\/wp-content\/uploads\/2025\/04\/PDF_file_icon.svg-1249x1536.png 1249w, https:\/\/miatoyac-jal.gob.mx\/wp-content\/uploads\/2025\/04\/PDF_file_icon.svg-1665x2048.png 1665w, https:\/\/miatoyac-jal.gob.mx\/wp-content\/uploads\/2025\/04\/PDF_file_icon.svg-119x146.png 119w, https:\/\/miatoyac-jal.gob.mx\/wp-content\/uploads\/2025\/04\/PDF_file_icon.svg-41x50.png 41w, https:\/\/miatoyac-jal.gob.mx\/wp-content\/uploads\/2025\/04\/PDF_file_icon.svg-61x75.png 61w, https:\/\/miatoyac-jal.gob.mx\/wp-content\/uploads\/2025\/04\/PDF_file_icon.svg.png 1667w\" sizes=\"auto, (max-width: 833px) 100vw, 833px\" \/><\/a><\/figure>\n<\/div><\/div>\n\n\n\n<div class=\"wp-block-group is-layout-grid wp-container-core-group-is-layout-9649a0d9 wp-block-group-is-layout-grid\">\n<p class=\"wp-container-content-e29552f7\">Regidor Lorena Rodriguez<\/p>\n\n\n<div class=\"wp-block-image\">\n<figure class=\"aligncenter size-large is-resized\"><a href=\"https:\/\/miatoyac-jal.gob.mx\/declaraciones\/Declaracion Regidor  Lorena Rodriguez.PDF\" target=\"_blank\" rel=\" noreferrer noopener\"><img loading=\"lazy\" decoding=\"async\" width=\"833\" height=\"1024\" src=\"https:\/\/miatoyac-jal.gob.mx\/wp-content\/uploads\/2025\/04\/PDF_file_icon.svg-833x1024.png\" alt=\"\" class=\"wp-image-2599\" style=\"width:37px;height:auto\" srcset=\"https:\/\/miatoyac-jal.gob.mx\/wp-content\/uploads\/2025\/04\/PDF_file_icon.svg-833x1024.png 833w, https:\/\/miatoyac-jal.gob.mx\/wp-content\/uploads\/2025\/04\/PDF_file_icon.svg-244x300.png 244w, https:\/\/miatoyac-jal.gob.mx\/wp-content\/uploads\/2025\/04\/PDF_file_icon.svg-768x944.png 768w, https:\/\/miatoyac-jal.gob.mx\/wp-content\/uploads\/2025\/04\/PDF_file_icon.svg-1249x1536.png 1249w, https:\/\/miatoyac-jal.gob.mx\/wp-content\/uploads\/2025\/04\/PDF_file_icon.svg-1665x2048.png 1665w, https:\/\/miatoyac-jal.gob.mx\/wp-content\/uploads\/2025\/04\/PDF_file_icon.svg-119x146.png 119w, https:\/\/miatoyac-jal.gob.mx\/wp-content\/uploads\/2025\/04\/PDF_file_icon.svg-41x50.png 41w, https:\/\/miatoyac-jal.gob.mx\/wp-content\/uploads\/2025\/04\/PDF_file_icon.svg-61x75.png 61w, https:\/\/miatoyac-jal.gob.mx\/wp-content\/uploads\/2025\/04\/PDF_file_icon.svg.png 1667w\" sizes=\"auto, (max-width: 833px) 100vw, 833px\" \/><\/a><\/figure>\n<\/div><\/div>\n\n\n\n<div class=\"wp-block-group is-layout-grid wp-container-core-group-is-layout-9649a0d9 wp-block-group-is-layout-grid\">\n<p class=\"wp-container-content-e29552f7\">Regidor Irma Ram\u00edrez <\/p>\n\n\n<div class=\"wp-block-image\">\n<figure class=\"aligncenter size-large is-resized\"><a href=\"https:\/\/miatoyac-jal.gob.mx\/declaraciones\/Declaracion Regidor Irma Ramirez.PDF\" target=\"_blank\" rel=\" noreferrer noopener\"><img loading=\"lazy\" decoding=\"async\" width=\"833\" height=\"1024\" src=\"https:\/\/miatoyac-jal.gob.mx\/wp-content\/uploads\/2025\/04\/PDF_file_icon.svg-833x1024.png\" alt=\"\" class=\"wp-image-2599\" style=\"width:37px;height:auto\" srcset=\"https:\/\/miatoyac-jal.gob.mx\/wp-content\/uploads\/2025\/04\/PDF_file_icon.svg-833x1024.png 833w, https:\/\/miatoyac-jal.gob.mx\/wp-content\/uploads\/2025\/04\/PDF_file_icon.svg-244x300.png 244w, https:\/\/miatoyac-jal.gob.mx\/wp-content\/uploads\/2025\/04\/PDF_file_icon.svg-768x944.png 768w, https:\/\/miatoyac-jal.gob.mx\/wp-content\/uploads\/2025\/04\/PDF_file_icon.svg-1249x1536.png 1249w, https:\/\/miatoyac-jal.gob.mx\/wp-content\/uploads\/2025\/04\/PDF_file_icon.svg-1665x2048.png 1665w, https:\/\/miatoyac-jal.gob.mx\/wp-content\/uploads\/2025\/04\/PDF_file_icon.svg-119x146.png 119w, https:\/\/miatoyac-jal.gob.mx\/wp-content\/uploads\/2025\/04\/PDF_file_icon.svg-41x50.png 41w, https:\/\/miatoyac-jal.gob.mx\/wp-content\/uploads\/2025\/04\/PDF_file_icon.svg-61x75.png 61w, https:\/\/miatoyac-jal.gob.mx\/wp-content\/uploads\/2025\/04\/PDF_file_icon.svg.png 1667w\" sizes=\"auto, (max-width: 833px) 100vw, 833px\" \/><\/a><\/figure>\n<\/div><\/div>\n\n\n\n<div class=\"wp-block-group is-layout-grid wp-container-core-group-is-layout-9649a0d9 wp-block-group-is-layout-grid\">\n<p class=\"wp-container-content-e29552f7\">Regidor Zulema Rodr\u00edguez<\/p>\n\n\n<div class=\"wp-block-image\">\n<figure class=\"aligncenter size-large is-resized\"><a href=\"https:\/\/miatoyac-jal.gob.mx\/declaraciones\/Declaracion Regidor Zulema Rodriguez.PDF\" target=\"_blank\" rel=\" noreferrer noopener\"><img loading=\"lazy\" decoding=\"async\" width=\"833\" height=\"1024\" src=\"https:\/\/miatoyac-jal.gob.mx\/wp-content\/uploads\/2025\/04\/PDF_file_icon.svg-833x1024.png\" alt=\"\" class=\"wp-image-2599\" style=\"width:37px;height:auto\" srcset=\"https:\/\/miatoyac-jal.gob.mx\/wp-content\/uploads\/2025\/04\/PDF_file_icon.svg-833x1024.png 833w, https:\/\/miatoyac-jal.gob.mx\/wp-content\/uploads\/2025\/04\/PDF_file_icon.svg-244x300.png 244w, https:\/\/miatoyac-jal.gob.mx\/wp-content\/uploads\/2025\/04\/PDF_file_icon.svg-768x944.png 768w, https:\/\/miatoyac-jal.gob.mx\/wp-content\/uploads\/2025\/04\/PDF_file_icon.svg-1249x1536.png 1249w, https:\/\/miatoyac-jal.gob.mx\/wp-content\/uploads\/2025\/04\/PDF_file_icon.svg-1665x2048.png 1665w, https:\/\/miatoyac-jal.gob.mx\/wp-content\/uploads\/2025\/04\/PDF_file_icon.svg-119x146.png 119w, https:\/\/miatoyac-jal.gob.mx\/wp-content\/uploads\/2025\/04\/PDF_file_icon.svg-41x50.png 41w, https:\/\/miatoyac-jal.gob.mx\/wp-content\/uploads\/2025\/04\/PDF_file_icon.svg-61x75.png 61w, https:\/\/miatoyac-jal.gob.mx\/wp-content\/uploads\/2025\/04\/PDF_file_icon.svg.png 1667w\" sizes=\"auto, (max-width: 833px) 100vw, 833px\" \/><\/a><\/figure>\n<\/div><\/div>\n\n\n\n<p><\/p>\n","protected":false},"excerpt":{"rendered":"<p>Declaraci\u00f3n Inicial Patrimonial Regidores Adm. 2024-2027 Regidor Felipe de Jes\u00fas Ruiz Gonz\u00e1lez Regidor Gloria Torres Regidor Guadalberto Cano Regidor Humberto Coronel Regidor Landy de Jesus Arechiga<span class=\"excerpt-hellip\"> [\u2026]<\/span><\/p>\n","protected":false},"author":1,"featured_media":0,"parent":0,"menu_order":0,"comment_status":"closed","ping_status":"closed","template":"","meta":{"ub_ctt_via":"","footnotes":""},"class_list":["post-2597","page","type-page","status-publish","hentry"],"featured_image_src":null,"_links":{"self":[{"href":"https:\/\/miatoyac-jal.gob.mx\/index.php?rest_route=\/wp\/v2\/pages\/2597","targetHints":{"allow":["GET"]}}],"collection":[{"href":"https:\/\/miatoyac-jal.gob.mx\/index.php?rest_route=\/wp\/v2\/pages"}],"about":[{"href":"https:\/\/miatoyac-jal.gob.mx\/index.php?rest_route=\/wp\/v2\/types\/page"}],"author":[{"embeddable":true,"href":"https:\/\/miatoyac-jal.gob.mx\/index.php?rest_route=\/wp\/v2\/users\/1"}],"replies":[{"embeddable":true,"href":"https:\/\/miatoyac-jal.gob.mx\/index.php?rest_route=%2Fwp%2Fv2%2Fcomments&post=2597"}],"version-history":[{"count":9,"href":"https:\/\/miatoyac-jal.gob.mx\/index.php?rest_route=\/wp\/v2\/pages\/2597\/revisions"}],"predecessor-version":[{"id":2614,"href":"https:\/\/miatoyac-jal.gob.mx\/index.php?rest_route=\/wp\/v2\/pages\/2597\/revisions\/2614"}],"wp:attachment":[{"href":"https:\/\/miatoyac-jal.gob.mx\/index.php?rest_route=%2Fwp%2Fv2%2Fmedia&parent=2597"}],"curies":[{"name":"wp","href":"https:\/\/api.w.org\/{rel}","templated":true}]}}